{"id":6102,"date":"2024-11-21T18:09:44","date_gmt":"2024-11-21T17:09:44","guid":{"rendered":"https:\/\/veveyspringclassic.ch\/?post_type=jeunes_artistes&#038;p=6102"},"modified":"2024-11-22T12:29:56","modified_gmt":"2024-11-22T11:29:56","slug":"opus13-quartet","status":"publish","type":"jeunes_artistes","link":"https:\/\/veveyspringclassic.ch\/en\/jeune-artiste\/opus13-quartet\/","title":{"rendered":"Opus13 Quartet"},"menu_order":14,"template":"","meta":{"_acf_changed":false},"class_list":["post-6102","jeunes_artistes","type-jeunes_artistes","status-publish","hentry"],"acf":[],"yoast_head":"<!-- This site is optimized with the Yoast SEO plugin v27.3 - https:\/\/yoast.com\/product\/yoast-seo-wordpress\/ -->\n<title>Opus13 Quartet - Vevey Spring Classic<\/title>\n<meta name=\"description\" content=\"Le quatuor \u00e0 cordes su\u00e9do-norv\u00e9gien Opus13 est l&#039;un des jeunes ensembles les plus prometteurs d&#039;Europe. Form\u00e9 en 2014, le quatuor est compos\u00e9 de Sonoko Miriam Welde, Edvard Erdal, Albin Uusij\u00e4rvi et Daniel Thorell. Ils ont remport\u00e9 le deuxi\u00e8me prix de la prestigieuse Banff International String Quartet Competition 2022. En 2023, ils ont re\u00e7u le prix norv\u00e9gien de musique classique Equinor, rejoignant ainsi une liste de laur\u00e9ats pr\u00e9c\u00e9dents comprenant Leif Ove Andsnes, Lise Davidsen et Vilde Frang.Ils ont \u00e9t\u00e9 invit\u00e9s \u00e0 des s\u00e9ries de concerts et \u00e0 des festivals tels que le Festival international de musique de chambre d&#039;Utrecht aux Pays-Bas, les festivals de musique de chambre de Yeulmaru et de Yonsei en Cor\u00e9e du Sud, le Festival Rusk en Finlande, les Swiss Chamber Concerts et la plupart des grands festivals de musique de chambre en Norv\u00e8ge, notamment le Festival international de Bergen et les festivals de musique de chambre de Stavanger, Rosendal, Trondheim et Ris\u00f8r. En 2024, il fera ses d\u00e9buts en \u00c9cosse et aux \u00c9tats-Unis.\" \/>\n<meta name=\"robots\" content=\"index, follow, max-snippet:-1, max-image-preview:large, max-video-preview:-1\" \/>\n<link rel=\"canonical\" href=\"https:\/\/veveyspringclassic.ch\/en\/jeune-artiste\/opus13-quartet\/\" \/>\n<meta property=\"og:locale\" content=\"en_US\" \/>\n<meta property=\"og:type\" content=\"article\" \/>\n<meta property=\"og:title\" content=\"Opus13 Quartet - Vevey Spring Classic\" \/>\n<meta property=\"og:description\" content=\"Le quatuor \u00e0 cordes su\u00e9do-norv\u00e9gien Opus13 est l&#039;un des jeunes ensembles les plus prometteurs d&#039;Europe. Form\u00e9 en 2014, le quatuor est compos\u00e9 de Sonoko Miriam Welde, Edvard Erdal, Albin Uusij\u00e4rvi et Daniel Thorell. Ils ont remport\u00e9 le deuxi\u00e8me prix de la prestigieuse Banff International String Quartet Competition 2022. En 2023, ils ont re\u00e7u le prix norv\u00e9gien de musique classique Equinor, rejoignant ainsi une liste de laur\u00e9ats pr\u00e9c\u00e9dents comprenant Leif Ove Andsnes, Lise Davidsen et Vilde Frang.Ils ont \u00e9t\u00e9 invit\u00e9s \u00e0 des s\u00e9ries de concerts et \u00e0 des festivals tels que le Festival international de musique de chambre d&#039;Utrecht aux Pays-Bas, les festivals de musique de chambre de Yeulmaru et de Yonsei en Cor\u00e9e du Sud, le Festival Rusk en Finlande, les Swiss Chamber Concerts et la plupart des grands festivals de musique de chambre en Norv\u00e8ge, notamment le Festival international de Bergen et les festivals de musique de chambre de Stavanger, Rosendal, Trondheim et Ris\u00f8r. En 2024, il fera ses d\u00e9buts en \u00c9cosse et aux \u00c9tats-Unis.\" \/>\n<meta property=\"og:url\" content=\"https:\/\/veveyspringclassic.ch\/en\/jeune-artiste\/opus13-quartet\/\" \/>\n<meta property=\"og:site_name\" content=\"Vevey Spring Classic\" \/>\n<meta property=\"article:publisher\" content=\"https:\/\/www.facebook.com\/veveyspringclassic\/\" \/>\n<meta property=\"article:modified_time\" content=\"2024-11-22T11:29:56+00:00\" \/>\n<meta property=\"og:image\" content=\"https:\/\/veveyspringclassic.ch\/wp-content\/uploads\/2024\/06\/logo.png\" \/>\n\t<meta property=\"og:image:width\" content=\"1024\" \/>\n\t<meta property=\"og:image:height\" content=\"1024\" \/>\n\t<meta property=\"og:image:type\" content=\"image\/png\" \/>\n<meta name=\"twitter:card\" content=\"summary_large_image\" \/>\n<script type=\"application\/ld+json\" class=\"yoast-schema-graph\">{\"@context\":\"https:\\\/\\\/schema.org\",\"@graph\":[{\"@type\":\"WebPage\",\"@id\":\"https:\\\/\\\/veveyspringclassic.ch\\\/en\\\/jeune-artiste\\\/opus13-quartet\\\/\",\"url\":\"https:\\\/\\\/veveyspringclassic.ch\\\/en\\\/jeune-artiste\\\/opus13-quartet\\\/\",\"name\":\"Opus13 Quartet - Vevey Spring Classic\",\"isPartOf\":{\"@id\":\"https:\\\/\\\/veveyspringclassic.ch\\\/en\\\/#website\"},\"datePublished\":\"2024-11-21T17:09:44+00:00\",\"dateModified\":\"2024-11-22T11:29:56+00:00\",\"description\":\"Le quatuor \u00e0 cordes su\u00e9do-norv\u00e9gien Opus13 est l'un des jeunes ensembles les plus prometteurs d'Europe. Form\u00e9 en 2014, le quatuor est compos\u00e9 de Sonoko Miriam Welde, Edvard Erdal, Albin Uusij\u00e4rvi et Daniel Thorell. Ils ont remport\u00e9 le deuxi\u00e8me prix de la prestigieuse Banff International String Quartet Competition 2022. En 2023, ils ont re\u00e7u le prix norv\u00e9gien de musique classique Equinor, rejoignant ainsi une liste de laur\u00e9ats pr\u00e9c\u00e9dents comprenant Leif Ove Andsnes, Lise Davidsen et Vilde Frang.Ils ont \u00e9t\u00e9 invit\u00e9s \u00e0 des s\u00e9ries de concerts et \u00e0 des festivals tels que le Festival international de musique de chambre d'Utrecht aux Pays-Bas, les festivals de musique de chambre de Yeulmaru et de Yonsei en Cor\u00e9e du Sud, le Festival Rusk en Finlande, les Swiss Chamber Concerts et la plupart des grands festivals de musique de chambre en Norv\u00e8ge, notamment le Festival international de Bergen et les festivals de musique de chambre de Stavanger, Rosendal, Trondheim et Ris\u00f8r. En 2024, il fera ses d\u00e9buts en \u00c9cosse et aux \u00c9tats-Unis.\",\"breadcrumb\":{\"@id\":\"https:\\\/\\\/veveyspringclassic.ch\\\/en\\\/jeune-artiste\\\/opus13-quartet\\\/#breadcrumb\"},\"inLanguage\":\"en-US\",\"potentialAction\":[{\"@type\":\"ReadAction\",\"target\":[\"https:\\\/\\\/veveyspringclassic.ch\\\/en\\\/jeune-artiste\\\/opus13-quartet\\\/\"]}]},{\"@type\":\"BreadcrumbList\",\"@id\":\"https:\\\/\\\/veveyspringclassic.ch\\\/en\\\/jeune-artiste\\\/opus13-quartet\\\/#breadcrumb\",\"itemListElement\":[{\"@type\":\"ListItem\",\"position\":1,\"name\":\"Home\",\"item\":\"https:\\\/\\\/veveyspringclassic.ch\\\/en\\\/\"},{\"@type\":\"ListItem\",\"position\":2,\"name\":\"Jeune artiste\",\"item\":\"https:\\\/\\\/veveyspringclassic.ch\\\/en\\\/jeune-artiste\\\/\"},{\"@type\":\"ListItem\",\"position\":3,\"name\":\"Opus13 Quartet\"}]},{\"@type\":\"WebSite\",\"@id\":\"https:\\\/\\\/veveyspringclassic.ch\\\/en\\\/#website\",\"url\":\"https:\\\/\\\/veveyspringclassic.ch\\\/en\\\/\",\"name\":\"Vevey Spring Classic\",\"description\":\"\",\"publisher\":{\"@id\":\"https:\\\/\\\/veveyspringclassic.ch\\\/en\\\/#organization\"},\"potentialAction\":[{\"@type\":\"SearchAction\",\"target\":{\"@type\":\"EntryPoint\",\"urlTemplate\":\"https:\\\/\\\/veveyspringclassic.ch\\\/en\\\/?s={search_term_string}\"},\"query-input\":{\"@type\":\"PropertyValueSpecification\",\"valueRequired\":true,\"valueName\":\"search_term_string\"}}],\"inLanguage\":\"en-US\"},{\"@type\":\"Organization\",\"@id\":\"https:\\\/\\\/veveyspringclassic.ch\\\/en\\\/#organization\",\"name\":\"Vevey Spring Classic\",\"url\":\"https:\\\/\\\/veveyspringclassic.ch\\\/en\\\/\",\"logo\":{\"@type\":\"ImageObject\",\"inLanguage\":\"en-US\",\"@id\":\"https:\\\/\\\/veveyspringclassic.ch\\\/en\\\/#\\\/schema\\\/logo\\\/image\\\/\",\"url\":\"https:\\\/\\\/veveyspringclassic.ch\\\/wp-content\\\/uploads\\\/2024\\\/06\\\/logo.png\",\"contentUrl\":\"https:\\\/\\\/veveyspringclassic.ch\\\/wp-content\\\/uploads\\\/2024\\\/06\\\/logo.png\",\"width\":1024,\"height\":1024,\"caption\":\"Vevey Spring Classic\"},\"image\":{\"@id\":\"https:\\\/\\\/veveyspringclassic.ch\\\/en\\\/#\\\/schema\\\/logo\\\/image\\\/\"},\"sameAs\":[\"https:\\\/\\\/www.facebook.com\\\/veveyspringclassic\\\/\"]}]}<\/script>\n<!-- \/ Yoast SEO plugin. -->","yoast_head_json":{"title":"Opus13 Quartet - Vevey Spring Classic","description":"Le quatuor \u00e0 cordes su\u00e9do-norv\u00e9gien Opus13 est l'un des jeunes ensembles les plus prometteurs d'Europe. Form\u00e9 en 2014, le quatuor est compos\u00e9 de Sonoko Miriam Welde, Edvard Erdal, Albin Uusij\u00e4rvi et Daniel Thorell. Ils ont remport\u00e9 le deuxi\u00e8me prix de la prestigieuse Banff International String Quartet Competition 2022. En 2023, ils ont re\u00e7u le prix norv\u00e9gien de musique classique Equinor, rejoignant ainsi une liste de laur\u00e9ats pr\u00e9c\u00e9dents comprenant Leif Ove Andsnes, Lise Davidsen et Vilde Frang.Ils ont \u00e9t\u00e9 invit\u00e9s \u00e0 des s\u00e9ries de concerts et \u00e0 des festivals tels que le Festival international de musique de chambre d'Utrecht aux Pays-Bas, les festivals de musique de chambre de Yeulmaru et de Yonsei en Cor\u00e9e du Sud, le Festival Rusk en Finlande, les Swiss Chamber Concerts et la plupart des grands festivals de musique de chambre en Norv\u00e8ge, notamment le Festival international de Bergen et les festivals de musique de chambre de Stavanger, Rosendal, Trondheim et Ris\u00f8r. En 2024, il fera ses d\u00e9buts en \u00c9cosse et aux \u00c9tats-Unis.","robots":{"index":"index","follow":"follow","max-snippet":"max-snippet:-1","max-image-preview":"max-image-preview:large","max-video-preview":"max-video-preview:-1"},"canonical":"https:\/\/veveyspringclassic.ch\/en\/jeune-artiste\/opus13-quartet\/","og_locale":"en_US","og_type":"article","og_title":"Opus13 Quartet - Vevey Spring Classic","og_description":"Le quatuor \u00e0 cordes su\u00e9do-norv\u00e9gien Opus13 est l'un des jeunes ensembles les plus prometteurs d'Europe. Form\u00e9 en 2014, le quatuor est compos\u00e9 de Sonoko Miriam Welde, Edvard Erdal, Albin Uusij\u00e4rvi et Daniel Thorell. Ils ont remport\u00e9 le deuxi\u00e8me prix de la prestigieuse Banff International String Quartet Competition 2022. En 2023, ils ont re\u00e7u le prix norv\u00e9gien de musique classique Equinor, rejoignant ainsi une liste de laur\u00e9ats pr\u00e9c\u00e9dents comprenant Leif Ove Andsnes, Lise Davidsen et Vilde Frang.Ils ont \u00e9t\u00e9 invit\u00e9s \u00e0 des s\u00e9ries de concerts et \u00e0 des festivals tels que le Festival international de musique de chambre d'Utrecht aux Pays-Bas, les festivals de musique de chambre de Yeulmaru et de Yonsei en Cor\u00e9e du Sud, le Festival Rusk en Finlande, les Swiss Chamber Concerts et la plupart des grands festivals de musique de chambre en Norv\u00e8ge, notamment le Festival international de Bergen et les festivals de musique de chambre de Stavanger, Rosendal, Trondheim et Ris\u00f8r. En 2024, il fera ses d\u00e9buts en \u00c9cosse et aux \u00c9tats-Unis.","og_url":"https:\/\/veveyspringclassic.ch\/en\/jeune-artiste\/opus13-quartet\/","og_site_name":"Vevey Spring Classic","article_publisher":"https:\/\/www.facebook.com\/veveyspringclassic\/","article_modified_time":"2024-11-22T11:29:56+00:00","og_image":[{"width":1024,"height":1024,"url":"https:\/\/veveyspringclassic.ch\/wp-content\/uploads\/2024\/06\/logo.png","type":"image\/png"}],"twitter_card":"summary_large_image","schema":{"@context":"https:\/\/schema.org","@graph":[{"@type":"WebPage","@id":"https:\/\/veveyspringclassic.ch\/en\/jeune-artiste\/opus13-quartet\/","url":"https:\/\/veveyspringclassic.ch\/en\/jeune-artiste\/opus13-quartet\/","name":"Opus13 Quartet - Vevey Spring Classic","isPartOf":{"@id":"https:\/\/veveyspringclassic.ch\/en\/#website"},"datePublished":"2024-11-21T17:09:44+00:00","dateModified":"2024-11-22T11:29:56+00:00","description":"Le quatuor \u00e0 cordes su\u00e9do-norv\u00e9gien Opus13 est l'un des jeunes ensembles les plus prometteurs d'Europe. Form\u00e9 en 2014, le quatuor est compos\u00e9 de Sonoko Miriam Welde, Edvard Erdal, Albin Uusij\u00e4rvi et Daniel Thorell. Ils ont remport\u00e9 le deuxi\u00e8me prix de la prestigieuse Banff International String Quartet Competition 2022. En 2023, ils ont re\u00e7u le prix norv\u00e9gien de musique classique Equinor, rejoignant ainsi une liste de laur\u00e9ats pr\u00e9c\u00e9dents comprenant Leif Ove Andsnes, Lise Davidsen et Vilde Frang.Ils ont \u00e9t\u00e9 invit\u00e9s \u00e0 des s\u00e9ries de concerts et \u00e0 des festivals tels que le Festival international de musique de chambre d'Utrecht aux Pays-Bas, les festivals de musique de chambre de Yeulmaru et de Yonsei en Cor\u00e9e du Sud, le Festival Rusk en Finlande, les Swiss Chamber Concerts et la plupart des grands festivals de musique de chambre en Norv\u00e8ge, notamment le Festival international de Bergen et les festivals de musique de chambre de Stavanger, Rosendal, Trondheim et Ris\u00f8r. En 2024, il fera ses d\u00e9buts en \u00c9cosse et aux \u00c9tats-Unis.","breadcrumb":{"@id":"https:\/\/veveyspringclassic.ch\/en\/jeune-artiste\/opus13-quartet\/#breadcrumb"},"inLanguage":"en-US","potentialAction":[{"@type":"ReadAction","target":["https:\/\/veveyspringclassic.ch\/en\/jeune-artiste\/opus13-quartet\/"]}]},{"@type":"BreadcrumbList","@id":"https:\/\/veveyspringclassic.ch\/en\/jeune-artiste\/opus13-quartet\/#breadcrumb","itemListElement":[{"@type":"ListItem","position":1,"name":"Home","item":"https:\/\/veveyspringclassic.ch\/en\/"},{"@type":"ListItem","position":2,"name":"Jeune artiste","item":"https:\/\/veveyspringclassic.ch\/en\/jeune-artiste\/"},{"@type":"ListItem","position":3,"name":"Opus13 Quartet"}]},{"@type":"WebSite","@id":"https:\/\/veveyspringclassic.ch\/en\/#website","url":"https:\/\/veveyspringclassic.ch\/en\/","name":"Vevey Spring Classic","description":"","publisher":{"@id":"https:\/\/veveyspringclassic.ch\/en\/#organization"},"potentialAction":[{"@type":"SearchAction","target":{"@type":"EntryPoint","urlTemplate":"https:\/\/veveyspringclassic.ch\/en\/?s={search_term_string}"},"query-input":{"@type":"PropertyValueSpecification","valueRequired":true,"valueName":"search_term_string"}}],"inLanguage":"en-US"},{"@type":"Organization","@id":"https:\/\/veveyspringclassic.ch\/en\/#organization","name":"Vevey Spring Classic","url":"https:\/\/veveyspringclassic.ch\/en\/","logo":{"@type":"ImageObject","inLanguage":"en-US","@id":"https:\/\/veveyspringclassic.ch\/en\/#\/schema\/logo\/image\/","url":"https:\/\/veveyspringclassic.ch\/wp-content\/uploads\/2024\/06\/logo.png","contentUrl":"https:\/\/veveyspringclassic.ch\/wp-content\/uploads\/2024\/06\/logo.png","width":1024,"height":1024,"caption":"Vevey Spring Classic"},"image":{"@id":"https:\/\/veveyspringclassic.ch\/en\/#\/schema\/logo\/image\/"},"sameAs":["https:\/\/www.facebook.com\/veveyspringclassic\/"]}]}},"_links":{"self":[{"href":"https:\/\/veveyspringclassic.ch\/en\/wp-json\/wp\/v2\/jeunes_artistes\/6102","targetHints":{"allow":["GET"]}}],"collection":[{"href":"https:\/\/veveyspringclassic.ch\/en\/wp-json\/wp\/v2\/jeunes_artistes"}],"about":[{"href":"https:\/\/veveyspringclassic.ch\/en\/wp-json\/wp\/v2\/types\/jeunes_artistes"}],"wp:attachment":[{"href":"https:\/\/veveyspringclassic.ch\/en\/wp-json\/wp\/v2\/media?parent=6102"}],"curies":[{"name":"wp","href":"https:\/\/api.w.org\/{rel}","templated":true}]}}